{"id":12890,"date":"2025-05-20T15:11:37","date_gmt":"2025-05-20T13:11:37","guid":{"rendered":"https:\/\/chiny-tourisme.be\/?post_type=ajde_events&#038;p=12890"},"modified":"2025-05-20T15:11:37","modified_gmt":"2025-05-20T13:11:37","slug":"36-eme-festival-interculturel-du-conte","status":"publish","type":"ajde_events","link":"https:\/\/chiny-tourisme.be\/nl\/event-directory\/36-eme-festival-interculturel-du-conte\/","title":{"rendered":"36 \u00e8me Festival interculturel du conte"},"content":{"rendered":"<h1>36 \u00e8me Festival interculturel du conte<\/h1>\n<p><img loading=\"lazy\" decoding=\"async\" class=\"alignnone size-medium wp-image-12891\" src=\"https:\/\/chiny-tourisme.be\/wp-content\/uploads\/2025\/05\/Festival_conte_36_72dpi-212x300.jpg\" alt=\"\" width=\"212\" height=\"300\" srcset=\"https:\/\/chiny-tourisme.be\/wp-content\/uploads\/2025\/05\/Festival_conte_36_72dpi-212x300.jpg 212w, https:\/\/chiny-tourisme.be\/wp-content\/uploads\/2025\/05\/Festival_conte_36_72dpi.jpg 283w\" sizes=\"auto, (max-width: 212px) 100vw, 212px\" \/><\/p>\n<p>Les 12 et 13 juillet 2025, la petite ville de Chiny s&#8217;appr\u00eate \u00e0 vibrer au rythme des mots et des r\u00e9cits pour sa 36e \u00e9dition du Festival Interculturel du Conte. Cette ann\u00e9e, le festival sera plus court sans que la qualit\u00e9 de la manifestation en soit affect\u00e9e. En effet les festivit\u00e9s commenceront le samedi 12 juillet \u00e0 16h. Pour cette trente-sixi\u00e8me \u00e9dition, revenons aux racines, aux origines de ce qu\u2019\u00e9tait le Festival Interculturel du Conte de Chiny\u00a0: un moment d\u2019\u00e9coute et de convivialit\u00e9.\u00a0<br class=\"\" \/>Depuis plus de trois d\u00e9cennies, ce festival est un rendez-vous pris\u00e9 par les passionn\u00e9s d&#8217;histoires et les curieux avides de d\u00e9couvertes culturelles. Fid\u00e8le \u00e0 son esprit d&#8217;ouverture, le Festival de Chiny met \u00e0 l&#8217;honneur des conteurs de diff\u00e9rentes cultures, illustrant la diversit\u00e9 et l&#8217;universalit\u00e9 des contes. Que les contenus artistiques programm\u00e9s soient dr\u00f4les, po\u00e9tiques, engag\u00e9s ou fantastiques, il y en aura pour tous les go\u00fbts et tous les \u00e2ges. Il y aura m\u00eame des spectacles d\u2019\u00e9veil aux contes pour les tout-tout-petits (\u00e0 partir d\u2019un mois). Dans une volont\u00e9 d\u2019inclusion des personnes malentendantes, certains spectacles seront interpr\u00e9t\u00e9s en langue des signes. L&#8217;ambiance chaleureuse et festive feront de cet \u00e9v\u00e9nement un moment unique de partage et de rencontre.\u00a0<br class=\"\" \/>Au programme de cette \u00e9dition, une dizaine de spectacles de contes en salle. A cela s\u2019ajouteront des performances de conte en ext\u00e9rieur (sc\u00e8ne ouvertes et veill\u00e9e autour du feu, etc.) et des prestations d\u2019art de la rue. Des balades cont\u00e9es inviteront le public \u00e0 la d\u00e9couverte d\u2019un patrimoine naturel et immat\u00e9riel d\u2019exception. Une mani\u00e8re originale de d\u00e9couvrir la nature environnante et l\u2019histoire de Chiny. En plus des spectacles, les visiteurs pourront profiter d&#8217;un march\u00e9 d&#8217;artisanat avec ateliers participatifs ainsi qu\u2019un espace de restauration. L\u2019ambiance sera compl\u00e9t\u00e9e par des moments de musique en d\u00e9ambulation et sous chapiteau. Ce fabuleux cocktail transformera, deux jours durant, les rues de Chiny en un microcosme unique !\u00a0<br class=\"\" \/>TOUTES INFOS &gt; <a class=\"\" href=\"http:\/\/www.conte.be\">www.conte.be<\/a><\/p>\n<div class=\"\"><\/div>\n<div class=\"\"><b class=\"\">Tarif(s) :<\/b>Envie de vous immerger compl\u00e8tement dans le festival ? Il y a les pass immersion qui donnent acc\u00e8s aux spectacles en salle en plus que les activit\u00e9s d\u00e9couverte de notre programme. Pour les activit\u00e9s d\u00e9couverte du dimanche (voir programme : contes en plein air, cour des contes, art de la rue, march\u00e9 de l&#8217;Imaginaire, ateliers, musique etc), il suffit d&#8217;acheter un pass d\u00e9couverte. Pour l&#8217;ambiance en ext\u00e9rieur le samedi, vous n&#8217;avez pas besoin de pass. Les enfants de moins de 5 ans ont \u00e9galement un acc\u00e8s gratuit sans pass, pour le programme immersion + d\u00e9couverte.\u00a0<br class=\"\" \/>PASS IMMERSION SA+DI : adulte &#8211; 20\u20ac <br class=\"\" \/>PASS IMMERSION SA+DI : enfant (5-12) &#8211; 8\u20ac <br class=\"\" \/>PASS IMMERSION SA+DI : article 27 &#8211; 2,50\u20ac + 2 tickets art 27 <br class=\"\" \/>PASS IMMERSION DI : adulte &#8211; 15\u20ac <br class=\"\" \/>PASS IMMERSION DI : enfant (5-12) &#8211; 6\u20ac <br class=\"\" \/>PASS IMMERSION DI : article 27 &#8211; 2,50\u20ac + 2 tickets art 27 <br class=\"\" \/>PASS IMMERSION SA : adulte &#8211; 10\u20ac <br class=\"\" \/>PASS IMMERSION SA : enfant (5-12) &#8211; 3\u20ac <br class=\"\" \/>PASS IMMERSION SA : article 27 &#8211; 1,25\u20ac + 1 ticket art 27 <br class=\"\" \/>PASS DECOUVERTE DI : adulte &#8211; 10\u20ac <br class=\"\" \/>PASS DECOUVERTE DI : enfant (5-12) &#8211; 3\u20ac <br class=\"\" \/>PASS DECOUVERTE DI : article 27 &#8211; 1,25\u20ac + 1 ticket art 27<b class=\"\"><br class=\"\" \/><\/b><b class=\"\">Adresse\/Lieu de l\u2019\u00e9v\u00e8nement :<\/b>Rue de Lorr\u00e8ne &#8211; Rue de Corbuha, 6810 CHINY<br class=\"\" \/><b class=\"\">Date et heure (d\u00e9but) :<\/b>12\/07\/2025 16:00<b class=\"\"><br class=\"\" \/><\/b><b class=\"\">Date et heure (fin) :<\/b>13\/07\/2025 23:55<b class=\"\"><br class=\"\" \/><\/b><b class=\"\">Nom de la personne de contact :<\/b>Leah De Bruyn<b class=\"\"><br class=\"\" \/><\/b><b class=\"\">Email de contact :<\/b><a class=\"\" href=\"&#109;&#x61;i&#x6c;t&#111;&#x3a;&#99;&#x68;i&#110;&#x79;&#64;&#x63;o&#x6e;&#x74;&#101;&#x2e;b&#x65;\">chin&#121;&#64;&#99;&#111;&#110;&#x74;&#x65;&#x2e;&#x62;&#x65;<\/a><b class=\"\"><br class=\"\" \/><\/b><b class=\"\">Num\u00e9ro de t\u00e9l\u00e9phone\/gsm :<\/b>+32 (0)61 32 07 56<\/p>\n<div class=\"\"><\/div>\n<\/div>\n","protected":false},"author":2,"featured_media":0,"menu_order":0,"comment_status":"open","ping_status":"closed","template":"","meta":[],"tags":[],"event_type":[],"event_type_2":[329],"class_list":["post-12890","ajde_events","type-ajde_events","status-publish","hentry","event_location-maison-de-village-de-chiny","event_organizer-chiny-cite-des-contes","event_type_2-autres-organisations"],"yoast_head":"<!-- This site is optimized with the Yoast SEO plugin v26.8 - https:\/\/yoast.com\/product\/yoast-seo-wordpress\/ -->\n<title>36 \u00e8me Festival interculturel du conte - Bureau de Tourisme de Chiny SI<\/title>\n<meta name=\"robots\" content=\"index, follow, max-snippet:-1, max-image-preview:large, max-video-preview:-1\" \/>\n<link rel=\"canonical\" href=\"https:\/\/chiny-tourisme.be\/event-directory\/36-eme-festival-interculturel-du-conte\/\" \/>\n<meta property=\"og:locale\" content=\"nl_NL\" \/>\n<meta property=\"og:type\" content=\"article\" \/>\n<meta property=\"og:title\" content=\"36 \u00e8me Festival interculturel du conte - Bureau de Tourisme de Chiny SI\" \/>\n<meta property=\"og:description\" content=\"36 \u00e8me Festival interculturel du conte Les 12 et 13 juillet 2025, la petite ville de Chiny s&#8217;appr\u00eate \u00e0 vibrer au rythme des mots et des r\u00e9cits pour sa 36e \u00e9dition du Festival Interculturel du Conte. Cette ann\u00e9e, le festival sera plus court sans que la qualit\u00e9 de la manifestation en soit affect\u00e9e. En effet [&hellip;]\" \/>\n<meta property=\"og:url\" content=\"https:\/\/chiny-tourisme.be\/event-directory\/36-eme-festival-interculturel-du-conte\/\" \/>\n<meta property=\"og:site_name\" content=\"Bureau de Tourisme de Chiny SI\" \/>\n<meta property=\"article:publisher\" content=\"https:\/\/www.facebook.com\/ChinyTourisme\/\" \/>\n<meta property=\"og:image\" content=\"https:\/\/chiny-tourisme.be\/wp-content\/uploads\/2025\/05\/Festival_conte_36_72dpi.jpg\" \/>\n\t<meta property=\"og:image:width\" content=\"283\" \/>\n\t<meta property=\"og:image:height\" content=\"401\" \/>\n\t<meta property=\"og:image:type\" content=\"image\/jpeg\" \/>\n<meta name=\"twitter:card\" content=\"summary_large_image\" \/>\n<meta name=\"twitter:label1\" content=\"Geschatte leestijd\" \/>\n\t<meta name=\"twitter:data1\" content=\"3 minuten\" \/>\n<script type=\"application\/ld+json\" class=\"yoast-schema-graph\">{\"@context\":\"https:\/\/schema.org\",\"@graph\":[{\"@type\":\"WebPage\",\"@id\":\"https:\/\/chiny-tourisme.be\/event-directory\/36-eme-festival-interculturel-du-conte\/\",\"url\":\"https:\/\/chiny-tourisme.be\/event-directory\/36-eme-festival-interculturel-du-conte\/\",\"name\":\"36 \u00e8me Festival interculturel du conte - Bureau de Tourisme de Chiny SI\",\"isPartOf\":{\"@id\":\"https:\/\/chiny-tourisme.be\/#website\"},\"primaryImageOfPage\":{\"@id\":\"https:\/\/chiny-tourisme.be\/event-directory\/36-eme-festival-interculturel-du-conte\/#primaryimage\"},\"image\":{\"@id\":\"https:\/\/chiny-tourisme.be\/event-directory\/36-eme-festival-interculturel-du-conte\/#primaryimage\"},\"thumbnailUrl\":\"https:\/\/chiny-tourisme.be\/wp-content\/uploads\/2025\/05\/Festival_conte_36_72dpi-212x300.jpg\",\"datePublished\":\"2025-05-20T13:11:37+00:00\",\"breadcrumb\":{\"@id\":\"https:\/\/chiny-tourisme.be\/event-directory\/36-eme-festival-interculturel-du-conte\/#breadcrumb\"},\"inLanguage\":\"nl-NL\",\"potentialAction\":[{\"@type\":\"ReadAction\",\"target\":[\"https:\/\/chiny-tourisme.be\/event-directory\/36-eme-festival-interculturel-du-conte\/\"]}]},{\"@type\":\"ImageObject\",\"inLanguage\":\"nl-NL\",\"@id\":\"https:\/\/chiny-tourisme.be\/event-directory\/36-eme-festival-interculturel-du-conte\/#primaryimage\",\"url\":\"https:\/\/chiny-tourisme.be\/wp-content\/uploads\/2025\/05\/Festival_conte_36_72dpi-212x300.jpg\",\"contentUrl\":\"https:\/\/chiny-tourisme.be\/wp-content\/uploads\/2025\/05\/Festival_conte_36_72dpi-212x300.jpg\"},{\"@type\":\"BreadcrumbList\",\"@id\":\"https:\/\/chiny-tourisme.be\/event-directory\/36-eme-festival-interculturel-du-conte\/#breadcrumb\",\"itemListElement\":[{\"@type\":\"ListItem\",\"position\":1,\"name\":\"Accueil\",\"item\":\"https:\/\/chiny-tourisme.be\/nl\/\"},{\"@type\":\"ListItem\",\"position\":2,\"name\":\"Events\",\"item\":\"https:\/\/chiny-tourisme.be\/event-directory\/\"},{\"@type\":\"ListItem\",\"position\":3,\"name\":\"36 \u00e8me Festival interculturel du conte\"}]},{\"@type\":\"WebSite\",\"@id\":\"https:\/\/chiny-tourisme.be\/#website\",\"url\":\"https:\/\/chiny-tourisme.be\/\",\"name\":\"Bureau de Tourisme de Chiny SI\",\"description\":\"Le centre d&#039;information \u00e0 Chiny-village\",\"potentialAction\":[{\"@type\":\"SearchAction\",\"target\":{\"@type\":\"EntryPoint\",\"urlTemplate\":\"https:\/\/chiny-tourisme.be\/?s={search_term_string}\"},\"query-input\":{\"@type\":\"PropertyValueSpecification\",\"valueRequired\":true,\"valueName\":\"search_term_string\"}}],\"inLanguage\":\"nl-NL\"}]}<\/script>\n<!-- \/ Yoast SEO plugin. -->","yoast_head_json":{"title":"36 \u00e8me Festival interculturel du conte - Bureau de Tourisme de Chiny SI","robots":{"index":"index","follow":"follow","max-snippet":"max-snippet:-1","max-image-preview":"max-image-preview:large","max-video-preview":"max-video-preview:-1"},"canonical":"https:\/\/chiny-tourisme.be\/event-directory\/36-eme-festival-interculturel-du-conte\/","og_locale":"nl_NL","og_type":"article","og_title":"36 \u00e8me Festival interculturel du conte - Bureau de Tourisme de Chiny SI","og_description":"36 \u00e8me Festival interculturel du conte Les 12 et 13 juillet 2025, la petite ville de Chiny s&#8217;appr\u00eate \u00e0 vibrer au rythme des mots et des r\u00e9cits pour sa 36e \u00e9dition du Festival Interculturel du Conte. Cette ann\u00e9e, le festival sera plus court sans que la qualit\u00e9 de la manifestation en soit affect\u00e9e. En effet [&hellip;]","og_url":"https:\/\/chiny-tourisme.be\/event-directory\/36-eme-festival-interculturel-du-conte\/","og_site_name":"Bureau de Tourisme de Chiny SI","article_publisher":"https:\/\/www.facebook.com\/ChinyTourisme\/","og_image":[{"width":283,"height":401,"url":"https:\/\/chiny-tourisme.be\/wp-content\/uploads\/2025\/05\/Festival_conte_36_72dpi.jpg","type":"image\/jpeg"}],"twitter_card":"summary_large_image","twitter_misc":{"Geschatte leestijd":"3 minuten"},"schema":{"@context":"https:\/\/schema.org","@graph":[{"@type":"WebPage","@id":"https:\/\/chiny-tourisme.be\/event-directory\/36-eme-festival-interculturel-du-conte\/","url":"https:\/\/chiny-tourisme.be\/event-directory\/36-eme-festival-interculturel-du-conte\/","name":"36 \u00e8me Festival interculturel du conte - Bureau de Tourisme de Chiny SI","isPartOf":{"@id":"https:\/\/chiny-tourisme.be\/#website"},"primaryImageOfPage":{"@id":"https:\/\/chiny-tourisme.be\/event-directory\/36-eme-festival-interculturel-du-conte\/#primaryimage"},"image":{"@id":"https:\/\/chiny-tourisme.be\/event-directory\/36-eme-festival-interculturel-du-conte\/#primaryimage"},"thumbnailUrl":"https:\/\/chiny-tourisme.be\/wp-content\/uploads\/2025\/05\/Festival_conte_36_72dpi-212x300.jpg","datePublished":"2025-05-20T13:11:37+00:00","breadcrumb":{"@id":"https:\/\/chiny-tourisme.be\/event-directory\/36-eme-festival-interculturel-du-conte\/#breadcrumb"},"inLanguage":"nl-NL","potentialAction":[{"@type":"ReadAction","target":["https:\/\/chiny-tourisme.be\/event-directory\/36-eme-festival-interculturel-du-conte\/"]}]},{"@type":"ImageObject","inLanguage":"nl-NL","@id":"https:\/\/chiny-tourisme.be\/event-directory\/36-eme-festival-interculturel-du-conte\/#primaryimage","url":"https:\/\/chiny-tourisme.be\/wp-content\/uploads\/2025\/05\/Festival_conte_36_72dpi-212x300.jpg","contentUrl":"https:\/\/chiny-tourisme.be\/wp-content\/uploads\/2025\/05\/Festival_conte_36_72dpi-212x300.jpg"},{"@type":"BreadcrumbList","@id":"https:\/\/chiny-tourisme.be\/event-directory\/36-eme-festival-interculturel-du-conte\/#breadcrumb","itemListElement":[{"@type":"ListItem","position":1,"name":"Accueil","item":"https:\/\/chiny-tourisme.be\/nl\/"},{"@type":"ListItem","position":2,"name":"Events","item":"https:\/\/chiny-tourisme.be\/event-directory\/"},{"@type":"ListItem","position":3,"name":"36 \u00e8me Festival interculturel du conte"}]},{"@type":"WebSite","@id":"https:\/\/chiny-tourisme.be\/#website","url":"https:\/\/chiny-tourisme.be\/","name":"Bureau de Tourisme de Chiny SI","description":"Le centre d&#039;information \u00e0 Chiny-village","potentialAction":[{"@type":"SearchAction","target":{"@type":"EntryPoint","urlTemplate":"https:\/\/chiny-tourisme.be\/?s={search_term_string}"},"query-input":{"@type":"PropertyValueSpecification","valueRequired":true,"valueName":"search_term_string"}}],"inLanguage":"nl-NL"}]}},"_links":{"self":[{"href":"https:\/\/chiny-tourisme.be\/nl\/wp-json\/wp\/v2\/ajde_events\/12890","targetHints":{"allow":["GET"]}}],"collection":[{"href":"https:\/\/chiny-tourisme.be\/nl\/wp-json\/wp\/v2\/ajde_events"}],"about":[{"href":"https:\/\/chiny-tourisme.be\/nl\/wp-json\/wp\/v2\/types\/ajde_events"}],"author":[{"embeddable":true,"href":"https:\/\/chiny-tourisme.be\/nl\/wp-json\/wp\/v2\/users\/2"}],"replies":[{"embeddable":true,"href":"https:\/\/chiny-tourisme.be\/nl\/wp-json\/wp\/v2\/comments?post=12890"}],"wp:attachment":[{"href":"https:\/\/chiny-tourisme.be\/nl\/wp-json\/wp\/v2\/media?parent=12890"}],"wp:term":[{"taxonomy":"post_tag","embeddable":true,"href":"https:\/\/chiny-tourisme.be\/nl\/wp-json\/wp\/v2\/tags?post=12890"},{"taxonomy":"event_type","embeddable":true,"href":"https:\/\/chiny-tourisme.be\/nl\/wp-json\/wp\/v2\/event_type?post=12890"},{"taxonomy":"event_type_2","embeddable":true,"href":"https:\/\/chiny-tourisme.be\/nl\/wp-json\/wp\/v2\/event_type_2?post=12890"}],"curies":[{"name":"wp","href":"https:\/\/api.w.org\/{rel}","templated":true}]}}